{"id":581563,"date":"2026-03-13T16:05:39","date_gmt":"2026-03-13T15:05:39","guid":{"rendered":"https:\/\/locabarcelona.egluu.com\/property\/vivienda-de-alquiler-turistico-en-camp-de-larpa-del-clot-barcelona\/"},"modified":"2026-03-20T17:25:23","modified_gmt":"2026-03-20T16:25:23","slug":"alquiler-turismo-camp-de-larpa-del-clot-barcelona-tua64ind1131","status":"publish","type":"property","link":"https:\/\/locabarcelona.egluu.com\/es\/piso\/alquiler-turismo-camp-de-larpa-del-clot-barcelona-tua64ind1131\/","title":{"rendered":"Vivienda de alquiler tur\u00edstico en Camp de l&#8217;Arpa del Clot, Barcelona"},"content":{"rendered":"<p><strong>NRU:<\/strong> ESFCTU00000807300076378900000000000000000HUTB-0007801<\/br><\/p>\n<h1><strong>Acerca de este espacio<\/strong><\/h1>\n<p><\/p>\n<p>El apartamento en Barcelona posee 3 dormitorios y capacidad para 6 personas. Alojamiento de 77 m\u00b2. Dispone de ascensor el edificio, plancha, acceso internet (wifi), secador, balc\u00f3n, calefacci\u00f3n central, aire acondicionado solo en sal\u00f3n, 1 Televisor. La cocina independiente, est\u00e1 equipada con nevera, microondas, horno, congelador, lavavajillas, vajilla\/cuberter\u00eda, utensilios\/cocina, cafetera, tostadora y hervidor de agua.<\/p>\n<p><\/p>\n<p>El edificio tiene ascensor.<\/p>\n<p><\/p>\n<p><\/p>\n<p><\/p>\n<h2>El espacio<\/h2>\n<p><\/p>\n<p>Bienvenido a este luminoso y c\u00f3modo apartamento en Barcelona, ideal para familias o grupos de hasta 6 personas. Con 3 dormitorios y 77 m\u00b2 de espacio, ofrece un entorno acogedor y bien distribuido para relajarse despu\u00e9s de un d\u00eda descubriendo la ciudad.<\/p>\n<p><\/p>\n<p>Ubicado en un edificio con ascensor, el apartamento dispone de balc\u00f3n, calefacci\u00f3n central, aire acondicionado en el sal\u00f3n, Wi-Fi, secador, plancha y televisi\u00f3n, garantizando confort durante toda la estancia.<\/p>\n<p><\/p>\n<p>La cocina independiente est\u00e1 completamente equipada con nevera, microondas, horno, congelador, lavavajillas, vajilla, cuberter\u00eda, utensilios de cocina, cafetera, tostadora y hervidor de agua, lo que te permitir\u00e1 preparar tus comidas como en casa.<\/p>\n<p><\/p>\n<p>Disfruta de una ubicaci\u00f3n c\u00e9ntrica con f\u00e1cil acceso al transporte p\u00fablico, tiendas locales, cafeter\u00edas y algunos de los lugares m\u00e1s emblem\u00e1ticos de Barcelona.<\/p>\n<p><\/p>\n<p><\/p>\n<p>Tenga en cuenta la siguiente informaci\u00f3n importante antes de reservar:<\/p>\n<p><\/p>\n<p>Hay obras en el piso de delante, su estancia quiz\u00e1s se vea afectada por ruidos de obras<\/p>\n<p><\/p>\n<p>&#8211; Toallas, sabanas as\u00ed como papel de higi\u00e9nico est\u00e1 incluido a la llegada, no obstante, la reposici\u00f3n o cambio durante su estancia no est\u00e1 incluida.<\/p>\n<p><\/p>\n<p>&#8211; Cuna de viaje\/Cuna de viaje:<\/p>\n<p>Precio: 30,00 EUR por reserva. Los hu\u00e9spedes deben traer s\u00e1banas. no est\u00e1 garantizado, los hu\u00e9spedes deben solicitarlo con 24-48 horas de anticipaci\u00f3n y, si est\u00e1 disponible, se lo proporcionaremos<\/p>\n<p><\/p>\n<p>-Llegada fuera de horario:<\/p>\n<p><\/p>\n<p class=\"ql-align-justify\">&#8211; <span style=\"background-color: transparent\">&#8211; Nuestro horario de check-in es <\/span><strong style=\"background-color: transparent\">a partir de las 15 h hasta las 19 h<\/strong><span style=\"background-color: transparent\">, de lunes a viernes (cons\u00faltanos si quieres hacer el <\/span><strong style=\"background-color: transparent\">check-in<\/strong><span style=\"background-color: transparent\"> antes).<\/span><\/p>\n<p><\/p>\n<p class=\"ql-align-justify\"><span style=\"background-color: transparent\">&#8211; Fuera de este horario cobraremos <\/span><strong style=\"background-color: transparent\">30 EUR en efectivo<\/strong><span style=\"background-color: transparent\">; despu\u00e9s de las <\/span><strong style=\"background-color: transparent\">22 h<\/strong><span style=\"background-color: transparent\"> ser\u00e1 de <\/span><strong style=\"background-color: transparent\">50 EUR<\/strong><span style=\"background-color: transparent\"> y despu\u00e9s de las <\/span><strong style=\"background-color: transparent\">12 h de la noche<\/strong><span style=\"background-color: transparent\"> ser\u00e1 <\/span><strong style=\"background-color: transparent\">80 EUR<\/strong><span style=\"background-color: transparent\">.<\/span><\/p>\n<p><\/p>\n<p class=\"ql-align-justify\"><span style=\"background-color: transparent\">&#8211; Si el d\u00eda de llegada es <\/span><strong style=\"background-color: transparent\">festivo local o nacional o fin de semana<\/strong><span style=\"background-color: transparent\">, el coste ser\u00e1 de <\/span><strong style=\"background-color: transparent\">30 EUR hasta las 22 h<\/strong><span style=\"background-color: transparent\">, despu\u00e9s de las <\/span><strong style=\"background-color: transparent\">22 h<\/strong><span style=\"background-color: transparent\"> ser\u00e1 de <\/span><strong style=\"background-color: transparent\">50 EUR<\/strong><span style=\"background-color: transparent\"> y despu\u00e9s de las <\/span><strong style=\"background-color: transparent\">12 h de la noche<\/strong><span style=\"background-color: transparent\"> ser\u00e1 <\/span><strong style=\"background-color: transparent\">80 EUR<\/strong><span style=\"background-color: transparent\">.<\/span><\/p>\n<p><\/p>\n<p class=\"ql-align-justify\"><span style=\"background-color: transparent\">&#8211; Si el d\u00eda de llegada es <\/span><strong style=\"background-color: transparent\">25\/12, 26\/12 o 01\/01<\/strong><span style=\"background-color: transparent\">, los cargos ser\u00e1n los siguientes: <\/span><strong style=\"background-color: transparent\">50 EUR hasta las 22 h, a partir de las 22 h 100 EUR<\/strong><span style=\"background-color: transparent\">.<\/span><\/p>\n<p><\/p>\n<p><span style=\"background-color: transparent\">&#8211; Se aplicar\u00e1 la <\/span><strong style=\"background-color: transparent\">tasa tur\u00edstica vigente en Barcelona en 2023<\/strong><span style=\"background-color: transparent\"> (6,25 \u20ac\/persona\/noche, mayores de 16 a\u00f1os y hasta 7 noches). La tasa tur\u00edstica a partir del <\/span><strong style=\"background-color: transparent\">1 de abril de 2026<\/strong><span style=\"background-color: transparent\"> ser\u00e1 de <\/span><strong style=\"background-color: transparent\">9,50 \u20ac<\/strong><span style=\"background-color: transparent\">.<\/span><\/p>\n<p><\/p>\n<p>&#8211; NO EST\u00c1 PERMITIDO fumar bajo ning\u00fan concepto. Recibir una denuncia o tener constancia de que fumar en el apartamento supondr\u00e1 el desalojo inmediato del apartamento y una multa de al menos 400 euros.<\/p>\n<p><\/p>\n<p>&#8211; NO SE PERMITEN fiestas o reuniones bajo ning\u00fan concepto. Si recibimos una denuncia y\/o interviene la polic\u00eda, seguridad o vecinos, tendr\u00e1s que pagar una multa de 500\u20ac (adem\u00e1s de la de la polic\u00eda).<\/p>\n<p><\/p>\n<p><\/p>\n<p><\/p>\n<h2>Servicios y zonas comunes<\/h2>\n<p><\/p>\n<p>Acceso a todo el apartamento.<\/p>\n<p><\/p>\n<p>Actividades tur\u00edsticas cercanas<\/p>\n<p><\/p>\n<p>Sagrada Familia \u2013 A unas 6 calles caminando. El ic\u00f3nico templo de Gaud\u00ed es imprescindible y ofrece visitas guiadas y subida a las torres.<\/p>\n<p><\/p>\n<p>Hospital de Sant Pau \u2013 A 10\u201315 minutos a pie. Patrimonio de la humanidad con arquitectura modernista y jardines interiores.<\/p>\n<p><\/p>\n<p>Passeig de Sant Joan \u2013 Calle cercana para pasear y disfrutar de caf\u00e9s, librer\u00edas y tiendas locales.<\/p>\n<p><\/p>\n<p>Mercat de la Sagrada Fam\u00edlia \u2013 Mercado tradicional para probar productos frescos y ambiente local.<\/p>\n<p><\/p>\n<p>Bicing \/ rutas en bici \u2013 Hay estaciones de bicicletas p\u00fablicas para recorrer barrios como el Eixample o Gr\u00e0cia.<\/p>\n<p><\/p>\n<p>Qu\u00e9 hacer por el barrio<\/p>\n<p><\/p>\n<p>Pasear por el Eixample: ver la arquitectura modernista y edificios emblem\u00e1ticos.<\/p>\n<p><\/p>\n<p>Descubrir cafeter\u00edas y panader\u00edas locales, como Forn Baluard o La Donuteria (delicias dulces).<\/p>\n<p><\/p>\n<p>Rutas gastron\u00f3micas: probar tapas y vermuts en bares locales.<\/p>\n<p><\/p>\n<p>Peque\u00f1os parques: ideal para relajarse tras un d\u00eda de turismo.<\/p>\n<p><\/p>\n<p>Recomendaciones para comer<\/p>\n<p><\/p>\n<p>La Paradeta Sagrada Fam\u00edlia \u2013 Marisco fresco y ambiente informal.<\/p>\n<p><\/p>\n<p>Bun Bo Vietnam \u2013 Cocina asi\u00e1tica aut\u00e9ntica y muy popular en la zona.<\/p>\n<p><\/p>\n<p>Cervecer\u00eda Catalana \u2013 Tapas tradicionales y platos catalanes.<\/p>\n<p><\/p>\n<p>Llamber \u2013 Tapas y cocina creativa moderna.<\/p>\n<p><\/p>\n<p>Pasteler\u00edas locales: Caf\u00e9s con boller\u00eda artesanal en Passeig de Sant Joan y calles cercanas.<\/p>\n<p><\/p>\n<p><\/p>\n<p><\/p>\n<h2>Otros aspectos destacables<\/h2>\n<p><\/p>\n<p>La propiedad no se har\u00e1 responsable bajo ninguna circunstancia de robos, hurtos o cualquier sustracci\u00f3n de bienes que puedan ocurrir dentro de las instalaciones de nuestros apartamentos tur\u00edsticos.<\/p>\n<p>Se recomienda encarecidamente a los hu\u00e9spedes tomar las precauciones necesarias para la custodia de sus objetos de valor, incluyendo el uso de cajas de seguridad si estuvieran disponibles, y mantener las puertas y ventanas debidamente cerradas y aseguradas.<\/p>\n<p>La seguridad de los bienes personales es responsabilidad exclusiva del hu\u00e9sped.<\/p>\n<p><\/p>\n<p><\/p>\n<p><\/p>\n<h2>Datos del registro<\/h2>\n<p><\/p>\n<p>Espa\u00f1a &#8211; N\u00famero de registro nacional<\/p>\n<p>ESFCTU00000807300076378900000000000000000HUTB-0007801<\/p>\n<p><\/p>\n<p>Barcelona &#8211; N\u00famero de registro auton\u00f3mico<\/p>\n<p><\/p>\n<p><\/p>\n<h1>HUTB-000780<\/h1>\n","protected":false},"excerpt":{"rendered":"<p>NRU: ESFCTU00000807300076378900000000000000000HUTB-0007801 Acerca de este espacio El apartamento en Barcelona posee 3 dormitorios y capacidad para 6 personas. Alojamiento de 77 m\u00b2. Dispone de ascensor el edificio, plancha, acceso internet (wifi), secador, balc\u00f3n, calefacci\u00f3n central, aire acondicionado solo en sal\u00f3n, 1 Televisor. La cocina independiente, est\u00e1 equipada con nevera, microondas, horno, congelador, lavavajillas, vajilla\/cuberter\u00eda, utensilios\/cocina,&#8230;<\/p>\n","protected":false},"author":0,"featured_media":0,"parent":0,"menu_order":0,"comment_status":"closed","ping_status":"closed","template":"","property-feature":[438,491,489,190,83,69,518,441,244,72,138,84,71,77,82,504,507,553,588,607,538,434,444,522,2004],"property-type":[98],"property-city":[92,613],"property-status":[420],"property-sale-labels":[],"yoast_head":"<!-- This site is optimized with the Yoast SEO Premium plugin v22.6 (Yoast SEO v22.6) - https:\/\/yoast.com\/wordpress\/plugins\/seo\/ -->\n<title>Vivienda de alquiler tur\u00edstico en Camp de l&#039;Arpa del Clot, Barcelona | Locabarcelona<\/title>\n<meta name=\"robots\" content=\"noindex, follow, max-snippet:-1, max-image-preview:large, max-video-preview:-1\" \/>\n<meta property=\"og:locale\" content=\"es_ES\" \/>\n<meta property=\"og:type\" content=\"article\" \/>\n<meta property=\"og:title\" content=\"Vivienda de alquiler tur\u00edstico en Camp de l&#039;Arpa del Clot, Barcelona | Locabarcelona\" \/>\n<meta property=\"og:description\" content=\"NRU: ESFCTU00000807300076378900000000000000000HUTB-0007801 Acerca de este espacio El apartamento en Barcelona posee 3 dormitorios y capacidad para 6 personas. Alojamiento de 77 m\u00b2. Dispone de ascensor el edificio, plancha, acceso internet (wifi), secador, balc\u00f3n, calefacci\u00f3n central, aire acondicionado solo en sal\u00f3n, 1 Televisor. La cocina independiente, est\u00e1 equipada con nevera, microondas, horno, congelador, lavavajillas, vajilla\/cuberter\u00eda, utensilios\/cocina,...\" \/>\n<meta property=\"og:url\" content=\"https:\/\/locabarcelona.egluu.com\/es\/piso\/alquiler-turismo-camp-de-larpa-del-clot-barcelona-tua64ind1131\/\" \/>\n<meta property=\"og:site_name\" content=\"Locabarcelona\" \/>\n<meta property=\"article:modified_time\" content=\"2026-03-20T16:25:23+00:00\" \/>\n<meta name=\"twitter:card\" content=\"summary_large_image\" \/>\n<meta name=\"twitter:label1\" content=\"Est. reading time\" \/>\n\t<meta name=\"twitter:data1\" content=\"4 minutos\" \/>\n<script type=\"application\/ld+json\" class=\"yoast-schema-graph\">{\"@context\":\"https:\/\/schema.org\",\"@graph\":[{\"@type\":\"WebPage\",\"@id\":\"https:\/\/locabarcelona.egluu.com\/es\/piso\/alquiler-turismo-camp-de-larpa-del-clot-barcelona-tua64ind1131\/\",\"url\":\"https:\/\/locabarcelona.egluu.com\/es\/piso\/alquiler-turismo-camp-de-larpa-del-clot-barcelona-tua64ind1131\/\",\"name\":\"Vivienda de alquiler tur\u00edstico en Camp de l'Arpa del Clot, Barcelona | Locabarcelona\",\"isPartOf\":{\"@id\":\"https:\/\/locabarcelona.egluu.com\/es\/#website\"},\"datePublished\":\"2026-03-13T15:05:39+00:00\",\"dateModified\":\"2026-03-20T16:25:23+00:00\",\"breadcrumb\":{\"@id\":\"https:\/\/locabarcelona.egluu.com\/es\/piso\/alquiler-turismo-camp-de-larpa-del-clot-barcelona-tua64ind1131\/#breadcrumb\"},\"inLanguage\":\"es\",\"potentialAction\":[{\"@type\":\"ReadAction\",\"target\":[\"https:\/\/locabarcelona.egluu.com\/es\/piso\/alquiler-turismo-camp-de-larpa-del-clot-barcelona-tua64ind1131\/\"]}]},{\"@type\":\"BreadcrumbList\",\"@id\":\"https:\/\/locabarcelona.egluu.com\/es\/piso\/alquiler-turismo-camp-de-larpa-del-clot-barcelona-tua64ind1131\/#breadcrumb\",\"itemListElement\":[{\"@type\":\"ListItem\",\"position\":1,\"name\":\"Inicio\",\"item\":\"https:\/\/www.locabarcelona.com\/es\/home\/\"},{\"@type\":\"ListItem\",\"position\":2,\"name\":\"Properties\",\"item\":\"https:\/\/www.locabarcelona.com\/fr\/appartement\/\"},{\"@type\":\"ListItem\",\"position\":3,\"name\":\"Vivienda de alquiler tur\u00edstico en Camp de l&#8217;Arpa del Clot, Barcelona\"}]},{\"@type\":\"WebSite\",\"@id\":\"https:\/\/locabarcelona.egluu.com\/es\/#website\",\"url\":\"https:\/\/locabarcelona.egluu.com\/es\/\",\"name\":\"Loca Barcelona\",\"description\":\"Real Estate Services\",\"publisher\":{\"@id\":\"https:\/\/locabarcelona.egluu.com\/es\/#organization\"},\"potentialAction\":[{\"@type\":\"SearchAction\",\"target\":{\"@type\":\"EntryPoint\",\"urlTemplate\":\"https:\/\/locabarcelona.egluu.com\/es\/?s={search_term_string}\"},\"query-input\":\"required name=search_term_string\"}],\"inLanguage\":\"es\"},{\"@type\":\"Organization\",\"@id\":\"https:\/\/locabarcelona.egluu.com\/es\/#organization\",\"name\":\"Loca Barcelona\",\"url\":\"https:\/\/locabarcelona.egluu.com\/es\/\",\"logo\":{\"@type\":\"ImageObject\",\"inLanguage\":\"es\",\"@id\":\"https:\/\/locabarcelona.egluu.com\/es\/#\/schema\/logo\/image\/\",\"url\":\"https:\/\/locabarcelona.egluu.com\/wp-content\/uploads\/2021\/10\/logo_locabarcelona_small.png\",\"contentUrl\":\"https:\/\/locabarcelona.egluu.com\/wp-content\/uploads\/2021\/10\/logo_locabarcelona_small.png\",\"width\":250,\"height\":149,\"caption\":\"Loca Barcelona\"},\"image\":{\"@id\":\"https:\/\/locabarcelona.egluu.com\/es\/#\/schema\/logo\/image\/\"}}]}<\/script>\n<!-- \/ Yoast SEO Premium plugin. -->","yoast_head_json":{"title":"Vivienda de alquiler tur\u00edstico en Camp de l'Arpa del Clot, Barcelona | Locabarcelona","robots":{"index":"noindex","follow":"follow","max-snippet":"max-snippet:-1","max-image-preview":"max-image-preview:large","max-video-preview":"max-video-preview:-1"},"og_locale":"es_ES","og_type":"article","og_title":"Vivienda de alquiler tur\u00edstico en Camp de l'Arpa del Clot, Barcelona | Locabarcelona","og_description":"NRU: ESFCTU00000807300076378900000000000000000HUTB-0007801 Acerca de este espacio El apartamento en Barcelona posee 3 dormitorios y capacidad para 6 personas. Alojamiento de 77 m\u00b2. Dispone de ascensor el edificio, plancha, acceso internet (wifi), secador, balc\u00f3n, calefacci\u00f3n central, aire acondicionado solo en sal\u00f3n, 1 Televisor. La cocina independiente, est\u00e1 equipada con nevera, microondas, horno, congelador, lavavajillas, vajilla\/cuberter\u00eda, utensilios\/cocina,...","og_url":"https:\/\/locabarcelona.egluu.com\/es\/piso\/alquiler-turismo-camp-de-larpa-del-clot-barcelona-tua64ind1131\/","og_site_name":"Locabarcelona","article_modified_time":"2026-03-20T16:25:23+00:00","twitter_card":"summary_large_image","twitter_misc":{"Est. reading time":"4 minutos"},"schema":{"@context":"https:\/\/schema.org","@graph":[{"@type":"WebPage","@id":"https:\/\/locabarcelona.egluu.com\/es\/piso\/alquiler-turismo-camp-de-larpa-del-clot-barcelona-tua64ind1131\/","url":"https:\/\/locabarcelona.egluu.com\/es\/piso\/alquiler-turismo-camp-de-larpa-del-clot-barcelona-tua64ind1131\/","name":"Vivienda de alquiler tur\u00edstico en Camp de l'Arpa del Clot, Barcelona | Locabarcelona","isPartOf":{"@id":"https:\/\/locabarcelona.egluu.com\/es\/#website"},"datePublished":"2026-03-13T15:05:39+00:00","dateModified":"2026-03-20T16:25:23+00:00","breadcrumb":{"@id":"https:\/\/locabarcelona.egluu.com\/es\/piso\/alquiler-turismo-camp-de-larpa-del-clot-barcelona-tua64ind1131\/#breadcrumb"},"inLanguage":"es","potentialAction":[{"@type":"ReadAction","target":["https:\/\/locabarcelona.egluu.com\/es\/piso\/alquiler-turismo-camp-de-larpa-del-clot-barcelona-tua64ind1131\/"]}]},{"@type":"BreadcrumbList","@id":"https:\/\/locabarcelona.egluu.com\/es\/piso\/alquiler-turismo-camp-de-larpa-del-clot-barcelona-tua64ind1131\/#breadcrumb","itemListElement":[{"@type":"ListItem","position":1,"name":"Inicio","item":"https:\/\/www.locabarcelona.com\/es\/home\/"},{"@type":"ListItem","position":2,"name":"Properties","item":"https:\/\/www.locabarcelona.com\/fr\/appartement\/"},{"@type":"ListItem","position":3,"name":"Vivienda de alquiler tur\u00edstico en Camp de l&#8217;Arpa del Clot, Barcelona"}]},{"@type":"WebSite","@id":"https:\/\/locabarcelona.egluu.com\/es\/#website","url":"https:\/\/locabarcelona.egluu.com\/es\/","name":"Loca Barcelona","description":"Real Estate Services","publisher":{"@id":"https:\/\/locabarcelona.egluu.com\/es\/#organization"},"potentialAction":[{"@type":"SearchAction","target":{"@type":"EntryPoint","urlTemplate":"https:\/\/locabarcelona.egluu.com\/es\/?s={search_term_string}"},"query-input":"required name=search_term_string"}],"inLanguage":"es"},{"@type":"Organization","@id":"https:\/\/locabarcelona.egluu.com\/es\/#organization","name":"Loca Barcelona","url":"https:\/\/locabarcelona.egluu.com\/es\/","logo":{"@type":"ImageObject","inLanguage":"es","@id":"https:\/\/locabarcelona.egluu.com\/es\/#\/schema\/logo\/image\/","url":"https:\/\/locabarcelona.egluu.com\/wp-content\/uploads\/2021\/10\/logo_locabarcelona_small.png","contentUrl":"https:\/\/locabarcelona.egluu.com\/wp-content\/uploads\/2021\/10\/logo_locabarcelona_small.png","width":250,"height":149,"caption":"Loca Barcelona"},"image":{"@id":"https:\/\/locabarcelona.egluu.com\/es\/#\/schema\/logo\/image\/"}}]}},"property_meta":{"REAL_HOMES_property_price":"","REAL_HOMES_property_old_price":"","REAL_HOMES_property_price_prefix":"","REAL_HOMES_property_price_postfix":"","REAL_HOMES_property_size":"77","REAL_HOMES_property_size_postfix":"m2","REAL_HOMES_property_lot_size":"","REAL_HOMES_property_lot_size_postfix":"","REAL_HOMES_property_bedrooms":"3","REAL_HOMES_property_bathrooms":"2","REAL_HOMES_property_garage":"","REAL_HOMES_property_id":"TUA64IND1131","REAL_HOMES_property_floors":"6","REAL_HOMES_Lift":"","REAL_HOMES_Wifi_included":"1","REAL_HOMES_Wifi_type":"Fiber 1GB","REAL_HOMES_public_address":"Carrer de la Independ\u00e8ncia","REAL_HOMES_underground_station":"","REAL_HOMES_Availability":"1","REAL_HOMES_property_startdate_override":"","REAL_HOMES_property_startdate":"2026-05-11","REAL_HOMES_property_enddate":"","REAL_HOMES_property_starthour":"","REAL_HOMES_property_endhour":"","REAL_HOMES_property_deposit":"250","REAL_HOMES_property_itp":"","REAL_HOMES_property_agencyfee_3months":"","REAL_HOMES_property_agencyfee_5months":"","REAL_HOMES_property_agencyfee_11months":"","REAL_HOMES_property_agencyfee_long_term":"","REAL_HOMES_property_vat":"0","REAL_HOMES_property_year_built":"","REAL_HOMES_featured":"","REAL_HOMES_additional_details_list":[],"REAL_HOMES_property_location":{"latitude":"","longitude":"","zoom":""},"REAL_HOMES_property_address":"Barcelona","REAL_HOMES_property_map":"","REAL_HOMES_property_images":[],"REAL_HOMES_change_gallery_slider_type":"","REAL_HOMES_gallery_slider_type":"","inspiry_floor_plans":[],"inspiry_video_group":[],"REAL_HOMES_360_virtual_tour":"","REAL_HOMES_tour_video_url":"","REAL_HOMES_tour_video_image":[],"REAL_HOMES_agent_display_option":"agent_info","REAL_HOMES_agents":["388613"],"REAL_HOMES_energy_class":"","REAL_HOMES_energy_performance":"","REAL_HOMES_epc_current_rating":"","REAL_HOMES_epc_potential_rating":"","ere_property_schedule_tour":"","ere_property_schedule_time_slots":"","ere_property_schedule_description":"","REAL_HOMES_sticky":"","inspiry_property_label":"","inspiry_property_label_color":"","inspiry_property_tax":"","inspiry_additional_fee":"","REAL_HOMES_attachments":[],"inspiry_property_owner_name":"","inspiry_property_owner_contact":"","inspiry_property_owner_address":"","REAL_HOMES_property_private_note":"","inspiry_message_to_reviewer":"","REAL_HOMES_add_in_slider":"","REAL_HOMES_slider_image":[],"REAL_HOMES_page_banner_image":[],"REAL_HOMES_hide_property_advance_search":""},"_links":{"self":[{"href":"https:\/\/locabarcelona.egluu.com\/es\/wp-json\/wp\/v2\/property\/581563"}],"collection":[{"href":"https:\/\/locabarcelona.egluu.com\/es\/wp-json\/wp\/v2\/property"}],"about":[{"href":"https:\/\/locabarcelona.egluu.com\/es\/wp-json\/wp\/v2\/types\/property"}],"replies":[{"embeddable":true,"href":"https:\/\/locabarcelona.egluu.com\/es\/wp-json\/wp\/v2\/comments?post=581563"}],"version-history":[{"count":2,"href":"https:\/\/locabarcelona.egluu.com\/es\/wp-json\/wp\/v2\/property\/581563\/revisions"}],"predecessor-version":[{"id":581604,"href":"https:\/\/locabarcelona.egluu.com\/es\/wp-json\/wp\/v2\/property\/581563\/revisions\/581604"}],"wp:attachment":[{"href":"https:\/\/locabarcelona.egluu.com\/es\/wp-json\/wp\/v2\/media?parent=581563"}],"wp:term":[{"taxonomy":"property-feature","embeddable":true,"href":"https:\/\/locabarcelona.egluu.com\/es\/wp-json\/wp\/v2\/property-feature?post=581563"},{"taxonomy":"property-type","embeddable":true,"href":"https:\/\/locabarcelona.egluu.com\/es\/wp-json\/wp\/v2\/property-type?post=581563"},{"taxonomy":"property-city","embeddable":true,"href":"https:\/\/locabarcelona.egluu.com\/es\/wp-json\/wp\/v2\/property-city?post=581563"},{"taxonomy":"property-status","embeddable":true,"href":"https:\/\/locabarcelona.egluu.com\/es\/wp-json\/wp\/v2\/property-status?post=581563"},{"taxonomy":"property-sale-label","embeddable":true,"href":"https:\/\/locabarcelona.egluu.com\/es\/wp-json\/wp\/v2\/property-sale-labels?post=581563"}],"curies":[{"name":"wp","href":"https:\/\/api.w.org\/{rel}","templated":true}]}}