{"id":581561,"date":"2026-03-13T16:05:38","date_gmt":"2026-03-13T15:05:38","guid":{"rendered":"https:\/\/locabarcelona.egluu.com\/property\/logement-en-location-touristique-a-camp-de-larpa-del-clot-barcelone\/"},"modified":"2026-03-20T17:25:23","modified_gmt":"2026-03-20T16:25:23","slug":"location-tourisme-camp-de-larpa-del-clot-barcelone-tua64ind1131","status":"publish","type":"property","link":"https:\/\/locabarcelona.egluu.com\/fr\/appartement\/location-tourisme-camp-de-larpa-del-clot-barcelone-tua64ind1131\/","title":{"rendered":"Logement en location touristique \u00e0 Camp de l&#8217;Arpa del Clot, Barcelone"},"content":{"rendered":"<p><strong>NRU:<\/strong> ESFCTU00000807300076378900000000000000000HUTB-0007801<\/br><\/p>\n<h1><strong>\u00c0 propos de ce logement<\/strong><\/h1>\n<p><\/p>\n<p>L&#8217;appartement \u00e0 Barcelone poss\u00e8de 3 chambres et peut accueillir 6 personnes. Logement de 77 m\u00b2. L&#8217;immeuble dispose d&#8217;un ascenseur, fer \u00e0 repasser, acc\u00e8s internet (wifi), s\u00e8che-cheveux, balcon, chauffage central, climatisation uniquement dans le salon, 1 t\u00e9l\u00e9viseur. La cuisine ind\u00e9pendante est \u00e9quip\u00e9e de r\u00e9frig\u00e9rateur, micro-ondes, four, cong\u00e9lateur, lave-vaisselle, vaisselle\/couverts, ustensiles\/cuisine, cafeti\u00e8re, grille-pain et bouilloire.<\/p>\n<p><\/p>\n<p>Le b\u00e2timent a un ascenseur.<\/p>\n<p><\/p>\n<p><\/p>\n<p><\/p>\n<h2>Le logement<\/h2>\n<p><\/p>\n<p>Bienvenue dans cet appartement lumineux et confortable \u00e0 Barcelone, id\u00e9al pour les familles ou groupes jusqu\u2019\u00e0 6 personnes. Avec 3 chambres et 77 m\u00b2, il offre un espace agr\u00e9able et bien organis\u00e9 pour se d\u00e9tendre apr\u00e8s une journ\u00e9e \u00e0 explorer la ville.<\/p>\n<p><\/p>\n<p>Situ\u00e9 dans un immeuble avec ascenseur, l\u2019appartement dispose d\u2019un balcon, chauffage central, climatisation dans le salon, Wi-Fi, s\u00e8che-cheveux, fer \u00e0 repasser et t\u00e9l\u00e9vision, garantissant confort tout au long de votre s\u00e9jour.<\/p>\n<p><\/p>\n<p>La cuisine ind\u00e9pendante est enti\u00e8rement \u00e9quip\u00e9e avec r\u00e9frig\u00e9rateur, micro-ondes, four, cong\u00e9lateur, lave-vaisselle, vaisselle, couverts, ustensiles de cuisine, cafeti\u00e8re, grille-pain et bouilloire, vous permettant de pr\u00e9parer vos repas comme \u00e0 la maison.<\/p>\n<p><\/p>\n<p>Profitez d\u2019un emplacement central avec un acc\u00e8s facile aux transports en commun, commerces, caf\u00e9s et certains des monuments les plus embl\u00e9matiques de Barcelone.<\/p>\n<p><\/p>\n<p><\/p>\n<p>Veuillez noter les informations importantes suivantes avant de r\u00e9server :<\/p>\n<p><\/p>\n<p>Des travaux sont en cours dans l&#8217;appartement d&#8217;en face, votre s\u00e9jour pourrait \u00eatre perturb\u00e9 par le bruit des travaux.<\/p>\n<p><\/p>\n<p>&#8211; Les serviettes, les draps et le papier toilette sont fournis \u00e0 votre arriv\u00e9e, mais leur remplacement ou leur changement pendant votre s\u00e9jour n&#8217;est pas inclus.<\/p>\n<p><\/p>\n<p>&#8211; Lit de voyage\/lit b\u00e9b\u00e9 :<\/p>\n<p>Prix : 30,00 EUR par r\u00e9servation. Les clients doivent apporter leurs propres draps. Ce service n&#8217;est pas garanti, les clients doivent en faire la demande 24 \u00e0 48 heures \u00e0 l&#8217;avance et, s&#8217;il est disponible, nous le leur fournirons.<\/p>\n<p><\/p>\n<p>&#8211; Arriv\u00e9e en dehors des heures d&#8217;ouverture :<\/p>\n<p><\/p>\n<p class=\"ql-align-justify\"><span style=\"background-color: transparent\">&#8211; Notre horaire de <\/span><strong style=\"background-color: transparent\">check-in<\/strong><span style=\"background-color: transparent\"> est de <\/span><strong style=\"background-color: transparent\">15h00 \u00e0 19h00<\/strong><span style=\"background-color: transparent\">, du lundi au vendredi (veuillez nous consulter si vous souhaitez effectuer le check-in plus t\u00f4t).<\/span><\/p>\n<p><\/p>\n<p class=\"ql-align-justify\"><span style=\"background-color: transparent\">&#8211; En dehors de ces horaires, nous facturerons <\/span><strong style=\"background-color: transparent\">30 \u20ac en esp\u00e8ces<\/strong><span style=\"background-color: transparent\">. Apr\u00e8s <\/span><strong style=\"background-color: transparent\">22h00<\/strong><span style=\"background-color: transparent\">, le suppl\u00e9ment sera de <\/span><strong style=\"background-color: transparent\">50 \u20ac<\/strong><span style=\"background-color: transparent\">, et apr\u00e8s minuit, il sera de <\/span><strong style=\"background-color: transparent\">80 \u20ac<\/strong><span style=\"background-color: transparent\">.<\/span><\/p>\n<p><\/p>\n<p class=\"ql-align-justify\"><span style=\"background-color: transparent\">&#8211; Si le jour d\u2019arriv\u00e9e est <\/span><strong style=\"background-color: transparent\">un jour f\u00e9ri\u00e9 local ou national, ou un week-end<\/strong><span style=\"background-color: transparent\">, le co\u00fbt sera de <\/span><strong style=\"background-color: transparent\">30 \u20ac jusqu\u2019\u00e0 22h00, 50 \u20ac apr\u00e8s 22h00 et 80 \u20ac apr\u00e8s minuit<\/strong><span style=\"background-color: transparent\">.<\/span><\/p>\n<p><\/p>\n<p class=\"ql-align-justify\"><span style=\"background-color: transparent\">&#8211; Si le jour d\u2019arriv\u00e9e est <\/span><strong style=\"background-color: transparent\">le 25\/12, 26\/12 ou le 01\/01<\/strong><span style=\"background-color: transparent\">, les frais seront les suivants: <\/span><strong style=\"background-color: transparent\">50 \u20ac jusqu\u2019\u00e0 22h00 et 100 \u20ac \u00e0 partir de 22h00<\/strong><span style=\"background-color: transparent\">.<\/span><\/p>\n<p><\/p>\n<p>&#8211; Il est INTERDIT de fumer sous quelque pr\u00e9texte que ce soit. Toute plainte ou constatation de tabagisme dans l&#8217;appartement entra\u00eenera l&#8217;expulsion imm\u00e9diate de l&#8217;appartement et une amende d&#8217;au moins 400 euros.<\/p>\n<p><\/p>\n<p>&#8211; Les f\u00eates ou r\u00e9unions ne sont en aucun cas autoris\u00e9es. Si nous recevons une plainte et\/ou si la police, la s\u00e9curit\u00e9 ou les voisins interviennent, vous devrez payer une amende de 500 \u20ac (en plus de celle inflig\u00e9e par la police).<\/p>\n<p><\/p>\n<p><\/p>\n<p><\/p>\n<h2>Acc\u00e8s des voyageurs<\/h2>\n<p><\/p>\n<p>Les h\u00f4tes ont acc\u00e8s \u00e0 tout l\u2019appartement.<\/p>\n<p><\/p>\n<p>Activit\u00e9s touristiques \u00e0 proximit\u00e9<\/p>\n<p><\/p>\n<p>Sagrada Familia \u2013 \u00c0 environ six rues \u00e0 pied. Le temple embl\u00e9matique de Gaud\u00ed est incontournable, avec des visites guid\u00e9es et la possibilit\u00e9 de monter dans les tours.<\/p>\n<p><\/p>\n<p>H\u00f4pital de Sant Pau \u2013 10\u201315 minutes \u00e0 pied. Site du patrimoine mondial de l\u2019UNESCO avec architecture moderniste et beaux jardins int\u00e9rieurs.<\/p>\n<p><\/p>\n<p>Passeig de Sant Joan \u2013 Rue proche pour se promener et profiter des caf\u00e9s, librairies et commerces locaux.<\/p>\n<p><\/p>\n<p>March\u00e9 de la Sagrada Fam\u00edlia \u2013 March\u00e9 traditionnel pour d\u00e9couvrir des produits frais et l\u2019ambiance locale.<\/p>\n<p><\/p>\n<p>Bicing \/ itin\u00e9raires \u00e0 v\u00e9lo \u2013 Stations de v\u00e9los publics disponibles pour explorer des quartiers comme l\u2019Eixample ou Gr\u00e0cia.<\/p>\n<p><\/p>\n<p>Que faire dans le quartier<\/p>\n<p><\/p>\n<p>Se promener dans l\u2019Eixample : admirer l\u2019architecture moderniste et les b\u00e2timents embl\u00e9matiques.<\/p>\n<p><\/p>\n<p>D\u00e9couvrir les caf\u00e9s et boulangeries locales, comme Forn Baluard ou La Donuteria (d\u00e9lices sucr\u00e9s).<\/p>\n<p><\/p>\n<p>Parcours gastronomiques : d\u00e9guster tapas et vermouth dans les bars locaux.<\/p>\n<p><\/p>\n<p>Petits parcs : parfaits pour se d\u00e9tendre apr\u00e8s une journ\u00e9e de visites.<\/p>\n<p><\/p>\n<p>Recommandations pour manger<\/p>\n<p><\/p>\n<p>La Paradeta Sagrada Fam\u00edlia \u2013 Fruits de mer frais dans une ambiance d\u00e9contract\u00e9e.<\/p>\n<p><\/p>\n<p>Bun Bo Vietnam \u2013 Cuisine asiatique authentique et tr\u00e8s populaire.<\/p>\n<p><\/p>\n<p>Cervecer\u00eda Catalana \u2013 Tapas traditionnelles et plats catalans.<\/p>\n<p><\/p>\n<p>Llamber \u2013 Tapas cr\u00e9atives et cuisine moderne.<\/p>\n<p><\/p>\n<p>Boulangeries locales \u2013 Caf\u00e9s avec p\u00e2tisseries artisanales sur le Passeig de Sant Joan et rues avoisinantes.<\/p>\n<p><\/p>\n<p><\/p>\n<p><\/p>\n<h2>Autres remarques<\/h2>\n<p><\/p>\n<p>La propri\u00e9t\u00e9 ne sera en aucun cas responsable des vols, larcins ou de toute soustraction de biens pouvant survenir dans les locaux de nos appartements touristiques.<\/p>\n<p>Il est fortement recommand\u00e9 aux invit\u00e9s de prendre les pr\u00e9cautions n\u00e9cessaires pour la garde de leurs objets de valeur, y compris l&#8217;utilisation de coffres-forts s&#8217;ils sont disponibles, et de maintenir les portes et fen\u00eatres d\u00fbment ferm\u00e9es et s\u00e9curis\u00e9es.<\/p>\n<p>La s\u00e9curit\u00e9 des biens personnels rel\u00e8ve de la seule responsabilit\u00e9 de l&#8217;invit\u00e9.<\/p>\n<p><\/p>\n<p><\/p>\n<p><\/p>\n<h2>D\u00e9tails de l&#8217;enregistrement<\/h2>\n<p><\/p>\n<p>Espagne&nbsp;\u2013 Num\u00e9ro d&#8217;enregistrement national<\/p>\n<p>ESFCTU00000807300076378900000000000000000HUTB-0007801<\/p>\n<p><\/p>\n<p>Barcelone&nbsp;\u2013 Num\u00e9ro d&#8217;enregistrement r\u00e9gional<\/p>\n<p>HUTB-000780<\/p>\n","protected":false},"excerpt":{"rendered":"<p>NRU: ESFCTU00000807300076378900000000000000000HUTB-0007801 \u00c0 propos de ce logement L&#8217;appartement \u00e0 Barcelone poss\u00e8de 3 chambres et peut accueillir 6 personnes. Logement de 77 m\u00b2. L&#8217;immeuble dispose d&#8217;un ascenseur, fer \u00e0 repasser, acc\u00e8s internet (wifi), s\u00e8che-cheveux, balcon, chauffage central, climatisation uniquement dans le salon, 1 t\u00e9l\u00e9viseur. La cuisine ind\u00e9pendante est \u00e9quip\u00e9e de r\u00e9frig\u00e9rateur, micro-ondes, four, cong\u00e9lateur, lave-vaisselle, vaisselle\/couverts,&#8230;<\/p>\n","protected":false},"author":0,"featured_media":0,"parent":0,"menu_order":0,"comment_status":"closed","ping_status":"closed","template":"","property-feature":[437,604,603,88,189,517,440,207,102,135,105,103,108,70,505,508,68,552,605,107,433,537,443,523,2002],"property-type":[95],"property-city":[90,612],"property-status":[421],"property-sale-labels":[],"yoast_head":"<!-- This site is optimized with the Yoast SEO Premium plugin v22.6 (Yoast SEO v22.6) - https:\/\/yoast.com\/wordpress\/plugins\/seo\/ -->\n<title>Logement en location touristique \u00e0 Camp de l&#039;Arpa del Clot, Barcelone | Locabarcelona<\/title>\n<meta name=\"robots\" content=\"noindex, follow, max-snippet:-1, max-image-preview:large, max-video-preview:-1\" \/>\n<meta property=\"og:locale\" content=\"fr_FR\" \/>\n<meta property=\"og:type\" content=\"article\" \/>\n<meta property=\"og:title\" content=\"Logement en location touristique \u00e0 Camp de l&#039;Arpa del Clot, Barcelone | Locabarcelona\" \/>\n<meta property=\"og:description\" content=\"NRU: ESFCTU00000807300076378900000000000000000HUTB-0007801 \u00c0 propos de ce logement L&#8217;appartement \u00e0 Barcelone poss\u00e8de 3 chambres et peut accueillir 6 personnes. Logement de 77 m\u00b2. L&#8217;immeuble dispose d&#8217;un ascenseur, fer \u00e0 repasser, acc\u00e8s internet (wifi), s\u00e8che-cheveux, balcon, chauffage central, climatisation uniquement dans le salon, 1 t\u00e9l\u00e9viseur. La cuisine ind\u00e9pendante est \u00e9quip\u00e9e de r\u00e9frig\u00e9rateur, micro-ondes, four, cong\u00e9lateur, lave-vaisselle, vaisselle\/couverts,...\" \/>\n<meta property=\"og:url\" content=\"https:\/\/locabarcelona.egluu.com\/fr\/appartement\/location-tourisme-camp-de-larpa-del-clot-barcelone-tua64ind1131\/\" \/>\n<meta property=\"og:site_name\" content=\"Locabarcelona\" \/>\n<meta property=\"article:modified_time\" content=\"2026-03-20T16:25:23+00:00\" \/>\n<meta name=\"twitter:card\" content=\"summary_large_image\" \/>\n<meta name=\"twitter:label1\" content=\"Est. reading time\" \/>\n\t<meta name=\"twitter:data1\" content=\"4 minutes\" \/>\n<script type=\"application\/ld+json\" class=\"yoast-schema-graph\">{\"@context\":\"https:\/\/schema.org\",\"@graph\":[{\"@type\":\"WebPage\",\"@id\":\"https:\/\/locabarcelona.egluu.com\/fr\/appartement\/location-tourisme-camp-de-larpa-del-clot-barcelone-tua64ind1131\/\",\"url\":\"https:\/\/locabarcelona.egluu.com\/fr\/appartement\/location-tourisme-camp-de-larpa-del-clot-barcelone-tua64ind1131\/\",\"name\":\"Logement en location touristique \u00e0 Camp de l'Arpa del Clot, Barcelone | Locabarcelona\",\"isPartOf\":{\"@id\":\"https:\/\/locabarcelona.egluu.com\/fr\/#website\"},\"datePublished\":\"2026-03-13T15:05:38+00:00\",\"dateModified\":\"2026-03-20T16:25:23+00:00\",\"breadcrumb\":{\"@id\":\"https:\/\/locabarcelona.egluu.com\/fr\/appartement\/location-tourisme-camp-de-larpa-del-clot-barcelone-tua64ind1131\/#breadcrumb\"},\"inLanguage\":\"fr-FR\",\"potentialAction\":[{\"@type\":\"ReadAction\",\"target\":[\"https:\/\/locabarcelona.egluu.com\/fr\/appartement\/location-tourisme-camp-de-larpa-del-clot-barcelone-tua64ind1131\/\"]}]},{\"@type\":\"BreadcrumbList\",\"@id\":\"https:\/\/locabarcelona.egluu.com\/fr\/appartement\/location-tourisme-camp-de-larpa-del-clot-barcelone-tua64ind1131\/#breadcrumb\",\"itemListElement\":[{\"@type\":\"ListItem\",\"position\":1,\"name\":\"Inicio\",\"item\":\"https:\/\/www.locabarcelona.com\/fr\/home\/\"},{\"@type\":\"ListItem\",\"position\":2,\"name\":\"Properties\",\"item\":\"https:\/\/www.locabarcelona.com\/fr\/appartement\/\"},{\"@type\":\"ListItem\",\"position\":3,\"name\":\"Logement en location touristique \u00e0 Camp de l&#8217;Arpa del Clot, Barcelone\"}]},{\"@type\":\"WebSite\",\"@id\":\"https:\/\/locabarcelona.egluu.com\/fr\/#website\",\"url\":\"https:\/\/locabarcelona.egluu.com\/fr\/\",\"name\":\"Loca Barcelona\",\"description\":\"Real Estate Services\",\"publisher\":{\"@id\":\"https:\/\/locabarcelona.egluu.com\/fr\/#organization\"},\"potentialAction\":[{\"@type\":\"SearchAction\",\"target\":{\"@type\":\"EntryPoint\",\"urlTemplate\":\"https:\/\/locabarcelona.egluu.com\/fr\/?s={search_term_string}\"},\"query-input\":\"required name=search_term_string\"}],\"inLanguage\":\"fr-FR\"},{\"@type\":\"Organization\",\"@id\":\"https:\/\/locabarcelona.egluu.com\/fr\/#organization\",\"name\":\"Loca Barcelona\",\"url\":\"https:\/\/locabarcelona.egluu.com\/fr\/\",\"logo\":{\"@type\":\"ImageObject\",\"inLanguage\":\"fr-FR\",\"@id\":\"https:\/\/locabarcelona.egluu.com\/fr\/#\/schema\/logo\/image\/\",\"url\":\"https:\/\/locabarcelona.egluu.com\/wp-content\/uploads\/2021\/10\/logo_locabarcelona_small.png\",\"contentUrl\":\"https:\/\/locabarcelona.egluu.com\/wp-content\/uploads\/2021\/10\/logo_locabarcelona_small.png\",\"width\":250,\"height\":149,\"caption\":\"Loca Barcelona\"},\"image\":{\"@id\":\"https:\/\/locabarcelona.egluu.com\/fr\/#\/schema\/logo\/image\/\"}}]}<\/script>\n<!-- \/ Yoast SEO Premium plugin. -->","yoast_head_json":{"title":"Logement en location touristique \u00e0 Camp de l'Arpa del Clot, Barcelone | Locabarcelona","robots":{"index":"noindex","follow":"follow","max-snippet":"max-snippet:-1","max-image-preview":"max-image-preview:large","max-video-preview":"max-video-preview:-1"},"og_locale":"fr_FR","og_type":"article","og_title":"Logement en location touristique \u00e0 Camp de l'Arpa del Clot, Barcelone | Locabarcelona","og_description":"NRU: ESFCTU00000807300076378900000000000000000HUTB-0007801 \u00c0 propos de ce logement L&#8217;appartement \u00e0 Barcelone poss\u00e8de 3 chambres et peut accueillir 6 personnes. Logement de 77 m\u00b2. L&#8217;immeuble dispose d&#8217;un ascenseur, fer \u00e0 repasser, acc\u00e8s internet (wifi), s\u00e8che-cheveux, balcon, chauffage central, climatisation uniquement dans le salon, 1 t\u00e9l\u00e9viseur. La cuisine ind\u00e9pendante est \u00e9quip\u00e9e de r\u00e9frig\u00e9rateur, micro-ondes, four, cong\u00e9lateur, lave-vaisselle, vaisselle\/couverts,...","og_url":"https:\/\/locabarcelona.egluu.com\/fr\/appartement\/location-tourisme-camp-de-larpa-del-clot-barcelone-tua64ind1131\/","og_site_name":"Locabarcelona","article_modified_time":"2026-03-20T16:25:23+00:00","twitter_card":"summary_large_image","twitter_misc":{"Est. reading time":"4 minutes"},"schema":{"@context":"https:\/\/schema.org","@graph":[{"@type":"WebPage","@id":"https:\/\/locabarcelona.egluu.com\/fr\/appartement\/location-tourisme-camp-de-larpa-del-clot-barcelone-tua64ind1131\/","url":"https:\/\/locabarcelona.egluu.com\/fr\/appartement\/location-tourisme-camp-de-larpa-del-clot-barcelone-tua64ind1131\/","name":"Logement en location touristique \u00e0 Camp de l'Arpa del Clot, Barcelone | Locabarcelona","isPartOf":{"@id":"https:\/\/locabarcelona.egluu.com\/fr\/#website"},"datePublished":"2026-03-13T15:05:38+00:00","dateModified":"2026-03-20T16:25:23+00:00","breadcrumb":{"@id":"https:\/\/locabarcelona.egluu.com\/fr\/appartement\/location-tourisme-camp-de-larpa-del-clot-barcelone-tua64ind1131\/#breadcrumb"},"inLanguage":"fr-FR","potentialAction":[{"@type":"ReadAction","target":["https:\/\/locabarcelona.egluu.com\/fr\/appartement\/location-tourisme-camp-de-larpa-del-clot-barcelone-tua64ind1131\/"]}]},{"@type":"BreadcrumbList","@id":"https:\/\/locabarcelona.egluu.com\/fr\/appartement\/location-tourisme-camp-de-larpa-del-clot-barcelone-tua64ind1131\/#breadcrumb","itemListElement":[{"@type":"ListItem","position":1,"name":"Inicio","item":"https:\/\/www.locabarcelona.com\/fr\/home\/"},{"@type":"ListItem","position":2,"name":"Properties","item":"https:\/\/www.locabarcelona.com\/fr\/appartement\/"},{"@type":"ListItem","position":3,"name":"Logement en location touristique \u00e0 Camp de l&#8217;Arpa del Clot, Barcelone"}]},{"@type":"WebSite","@id":"https:\/\/locabarcelona.egluu.com\/fr\/#website","url":"https:\/\/locabarcelona.egluu.com\/fr\/","name":"Loca Barcelona","description":"Real Estate Services","publisher":{"@id":"https:\/\/locabarcelona.egluu.com\/fr\/#organization"},"potentialAction":[{"@type":"SearchAction","target":{"@type":"EntryPoint","urlTemplate":"https:\/\/locabarcelona.egluu.com\/fr\/?s={search_term_string}"},"query-input":"required name=search_term_string"}],"inLanguage":"fr-FR"},{"@type":"Organization","@id":"https:\/\/locabarcelona.egluu.com\/fr\/#organization","name":"Loca Barcelona","url":"https:\/\/locabarcelona.egluu.com\/fr\/","logo":{"@type":"ImageObject","inLanguage":"fr-FR","@id":"https:\/\/locabarcelona.egluu.com\/fr\/#\/schema\/logo\/image\/","url":"https:\/\/locabarcelona.egluu.com\/wp-content\/uploads\/2021\/10\/logo_locabarcelona_small.png","contentUrl":"https:\/\/locabarcelona.egluu.com\/wp-content\/uploads\/2021\/10\/logo_locabarcelona_small.png","width":250,"height":149,"caption":"Loca Barcelona"},"image":{"@id":"https:\/\/locabarcelona.egluu.com\/fr\/#\/schema\/logo\/image\/"}}]}},"property_meta":{"REAL_HOMES_property_price":"","REAL_HOMES_property_old_price":"","REAL_HOMES_property_price_prefix":"","REAL_HOMES_property_price_postfix":"","REAL_HOMES_property_size":"77","REAL_HOMES_property_size_postfix":"m2","REAL_HOMES_property_lot_size":"","REAL_HOMES_property_lot_size_postfix":"","REAL_HOMES_property_bedrooms":"3","REAL_HOMES_property_bathrooms":"2","REAL_HOMES_property_garage":"","REAL_HOMES_property_id":"TUA64IND1131","REAL_HOMES_property_floors":"6","REAL_HOMES_Lift":"","REAL_HOMES_Wifi_included":"1","REAL_HOMES_Wifi_type":"Fiber 1GB","REAL_HOMES_public_address":"Carrer de la Independ\u00e8ncia","REAL_HOMES_underground_station":"","REAL_HOMES_Availability":"1","REAL_HOMES_property_startdate_override":"","REAL_HOMES_property_startdate":"2026-05-11","REAL_HOMES_property_enddate":"","REAL_HOMES_property_starthour":"","REAL_HOMES_property_endhour":"","REAL_HOMES_property_deposit":"250","REAL_HOMES_property_itp":"","REAL_HOMES_property_agencyfee_3months":"","REAL_HOMES_property_agencyfee_5months":"","REAL_HOMES_property_agencyfee_11months":"","REAL_HOMES_property_agencyfee_long_term":"","REAL_HOMES_property_vat":"0","REAL_HOMES_property_year_built":"","REAL_HOMES_featured":"","REAL_HOMES_additional_details_list":[],"REAL_HOMES_property_location":{"latitude":"","longitude":"","zoom":""},"REAL_HOMES_property_address":"Barcelona","REAL_HOMES_property_map":"","REAL_HOMES_property_images":[],"REAL_HOMES_change_gallery_slider_type":"","REAL_HOMES_gallery_slider_type":"","inspiry_floor_plans":[],"inspiry_video_group":[],"REAL_HOMES_360_virtual_tour":"","REAL_HOMES_tour_video_url":"","REAL_HOMES_tour_video_image":[],"REAL_HOMES_agent_display_option":"agent_info","REAL_HOMES_agents":["388612"],"REAL_HOMES_energy_class":"","REAL_HOMES_energy_performance":"","REAL_HOMES_epc_current_rating":"","REAL_HOMES_epc_potential_rating":"","ere_property_schedule_tour":"","ere_property_schedule_time_slots":"","ere_property_schedule_description":"","REAL_HOMES_sticky":"","inspiry_property_label":"","inspiry_property_label_color":"","inspiry_property_tax":"","inspiry_additional_fee":"","REAL_HOMES_attachments":[],"inspiry_property_owner_name":"","inspiry_property_owner_contact":"","inspiry_property_owner_address":"","REAL_HOMES_property_private_note":"","inspiry_message_to_reviewer":"","REAL_HOMES_add_in_slider":"","REAL_HOMES_slider_image":[],"REAL_HOMES_page_banner_image":[],"REAL_HOMES_hide_property_advance_search":""},"_links":{"self":[{"href":"https:\/\/locabarcelona.egluu.com\/fr\/wp-json\/wp\/v2\/property\/581561"}],"collection":[{"href":"https:\/\/locabarcelona.egluu.com\/fr\/wp-json\/wp\/v2\/property"}],"about":[{"href":"https:\/\/locabarcelona.egluu.com\/fr\/wp-json\/wp\/v2\/types\/property"}],"replies":[{"embeddable":true,"href":"https:\/\/locabarcelona.egluu.com\/fr\/wp-json\/wp\/v2\/comments?post=581561"}],"version-history":[{"count":2,"href":"https:\/\/locabarcelona.egluu.com\/fr\/wp-json\/wp\/v2\/property\/581561\/revisions"}],"predecessor-version":[{"id":581603,"href":"https:\/\/locabarcelona.egluu.com\/fr\/wp-json\/wp\/v2\/property\/581561\/revisions\/581603"}],"wp:attachment":[{"href":"https:\/\/locabarcelona.egluu.com\/fr\/wp-json\/wp\/v2\/media?parent=581561"}],"wp:term":[{"taxonomy":"property-feature","embeddable":true,"href":"https:\/\/locabarcelona.egluu.com\/fr\/wp-json\/wp\/v2\/property-feature?post=581561"},{"taxonomy":"property-type","embeddable":true,"href":"https:\/\/locabarcelona.egluu.com\/fr\/wp-json\/wp\/v2\/property-type?post=581561"},{"taxonomy":"property-city","embeddable":true,"href":"https:\/\/locabarcelona.egluu.com\/fr\/wp-json\/wp\/v2\/property-city?post=581561"},{"taxonomy":"property-status","embeddable":true,"href":"https:\/\/locabarcelona.egluu.com\/fr\/wp-json\/wp\/v2\/property-status?post=581561"},{"taxonomy":"property-sale-label","embeddable":true,"href":"https:\/\/locabarcelona.egluu.com\/fr\/wp-json\/wp\/v2\/property-sale-labels?post=581561"}],"curies":[{"name":"wp","href":"https:\/\/api.w.org\/{rel}","templated":true}]}}